{"id":12768,"date":"2019-11-28T00:33:33","date_gmt":"2019-11-27T23:33:33","guid":{"rendered":"https:\/\/informe20162020.facmed.unam.mx\/?page_id=12768"},"modified":"2019-12-03T23:15:09","modified_gmt":"2019-12-03T22:15:09","slug":"departamentos","status":"publish","type":"page","link":"https:\/\/informe20162020.facmed.unam.mx\/index.php\/departamentos\/","title":{"rendered":"DEPARTAMENTOS"},"content":{"rendered":"<p>[et_pb_section fb_built=\u00bb1&#8243; fullwidth=\u00bbon\u00bb admin_label=\u00bbHero Section\u00bb _builder_version=\u00bb4.0.7&#8243; background_image=\u00bbhttps:\/\/informe20162020.facmed.unam.mx\/wp-content\/uploads\/2019\/11\/facmed.png\u00bb custom_padding=\u00bb|||\u00bb][et_pb_fullwidth_header title=\u00bbAvances\u00bb subhead=\u00bbDepartamentos\u00bb content_max_width=\u00bb900px\u00bb _builder_version=\u00bb4.0.7&#8243; title_font=\u00bbPoppins|700||on|||||\u00bb title_text_color=\u00bb#e0aa35&#8243; title_font_size=\u00bb22px\u00bb title_letter_spacing=\u00bb4px\u00bb content_font=\u00bb||||||||\u00bb subhead_font=\u00bbRaleway|700|||||||\u00bb subhead_font_size=\u00bb50px\u00bb subhead_line_height=\u00bb1.4em\u00bb background_color=\u00bbrgba(126,190,197,0)\u00bb use_background_color_gradient=\u00bbon\u00bb background_color_gradient_start=\u00bb#1b2a49&#8243; background_color_gradient_end=\u00bbrgba(46,77,145,0.48)\u00bb background_color_gradient_direction=\u00bb90deg\u00bb background_color_gradient_start_position=\u00bb25%\u00bb background_color_gradient_end_position=\u00bb75%\u00bb background_color_gradient_overlays_image=\u00bbon\u00bb custom_button_one=\u00bbon\u00bb button_one_text_size=\u00bb14px\u00bb button_one_bg_color=\u00bb#29cb8b\u00bb button_one_border_width=\u00bb12px\u00bb button_one_border_color=\u00bb#29cb8b\u00bb button_one_letter_spacing=\u00bb2px\u00bb button_one_font=\u00bbPoppins|600||on|||||\u00bb button_one_icon=\u00bb%%3%%\u00bb custom_button_two=\u00bbon\u00bb button_two_text_size=\u00bb14px\u00bb button_two_text_color=\u00bb#29cb8b\u00bb button_two_bg_color=\u00bb#ffffff\u00bb button_two_border_width=\u00bb12px\u00bb button_two_border_color=\u00bb#ffffff\u00bb button_two_letter_spacing=\u00bb2px\u00bb button_two_font=\u00bbPoppins|600||on|||||\u00bb button_two_icon=\u00bb%%3%%\u00bb custom_margin=\u00bb||33px|||\u00bb custom_padding=\u00bb80px||7vw|||\u00bb content_font_size_last_edited=\u00bboff|desktop\u00bb subhead_font_size_tablet=\u00bb40px\u00bb subhead_font_size_phone=\u00bb30px\u00bb subhead_font_size_last_edited=\u00bbon|desktop\u00bb button_one_letter_spacing_hover=\u00bb2px\u00bb button_two_letter_spacing_hover=\u00bb2px\u00bb button_one_text_size__hover_enabled=\u00bboff\u00bb button_two_text_size__hover_enabled=\u00bboff\u00bb button_one_text_color__hover_enabled=\u00bboff\u00bb button_two_text_color__hover_enabled=\u00bboff\u00bb button_one_border_width__hover_enabled=\u00bboff\u00bb button_two_border_width__hover_enabled=\u00bboff\u00bb button_one_border_color__hover_enabled=\u00bboff\u00bb button_two_border_color__hover_enabled=\u00bboff\u00bb button_one_border_radius__hover_enabled=\u00bboff\u00bb button_two_border_radius__hover_enabled=\u00bboff\u00bb button_one_letter_spacing__hover_enabled=\u00bbon\u00bb button_one_letter_spacing__hover=\u00bb2px\u00bb button_two_letter_spacing__hover_enabled=\u00bbon\u00bb button_two_letter_spacing__hover=\u00bb2px\u00bb button_one_bg_color__hover_enabled=\u00bboff\u00bb button_two_bg_color__hover_enabled=\u00bboff\u00bb][\/et_pb_fullwidth_header][\/et_pb_section][et_pb_section fb_built=\u00bb1&#8243; _builder_version=\u00bb4.0.7&#8243; background_enable_color=\u00bboff\u00bb background_color_gradient_direction=\u00bb303deg\u00bb background_image=\u00bbhttps:\/\/informe20162020.facmed.unam.mx\/wp-content\/uploads\/2019\/11\/ana.png\u00bb parallax=\u00bbon\u00bb min_height=\u00bb160px\u00bb custom_margin=\u00bb-33px|||||\u00bb custom_padding=\u00bb8px|0px|37px|0px|false|false\u00bb][et_pb_row column_structure=\u00bb1_2,1_2&#8243; _builder_version=\u00bb4.0.7&#8243; custom_margin=\u00bb-9px|auto||auto||\u00bb][et_pb_column type=\u00bb1_2&#8243; _builder_version=\u00bb4.0.7&#8243;][et_pb_text _builder_version=\u00bb4.0.7&#8243; header_font=\u00bb|700|||||||\u00bb header_text_color=\u00bb#d33d57&#8243; header_font_size=\u00bb58px\u00bb custom_margin=\u00bb||12px|||\u00bb custom_padding=\u00bb207px|||||\u00bb]<\/p>\n<h1 style=\"text-align: right;\"><img decoding=\"async\" loading=\"lazy\" src=\"https:\/\/informe20162020.facmed.unam.mx\/wp-content\/uploads\/2019\/11\/LOGO-ANATOMIA.png\" width=\"52\" height=\"53\" alt=\"\" class=\"wp-image-12918 alignnone size-full\" \/>Anatom\u00eda<\/h1>\n<p>[\/et_pb_text][et_pb_text _builder_version=\u00bb4.0.7&#8243; text_font=\u00bb|700|||||||\u00bb text_font_size=\u00bb17px\u00bb text_line_height=\u00bb1em\u00bb text_orientation=\u00bbright\u00bb]Dr. en C. Alberto M. \u00c1ngeles Castellanos[\/et_pb_text][\/et_pb_column][et_pb_column type=\u00bb1_2&#8243; _builder_version=\u00bb4.0.7&#8243; background_enable_color=\u00bboff\u00bb custom_padding=\u00bb20px|20px|20px|20px|false|false\u00bb][et_pb_toggle title=\u00bbActualizaci\u00f3n de los contenidos tem\u00e1ticos del programa de anatom\u00eda\u00bb closed_toggle_background_color=\u00bbrgba(0,0,0,0)\u00bb icon_color=\u00bb#ffffff\u00bb _builder_version=\u00bb4.0.7&#8243; title_font=\u00bb|600|||||||\u00bb title_font_size=\u00bb18px\u00bb custom_margin=\u00bb17px||6px||false|false\u00bb custom_padding=\u00bb0px||0px||false|false\u00bb border_width_all=\u00bb0px\u00bb border_width_left=\u00bb3px\u00bb border_color_left=\u00bb#D33D57&#8243;]<\/p>\n<p><span>Se realizo la actualizaci\u00f3n de los contenidos tem\u00e1ticos del programa de anatom\u00eda en el 2016, de donde surge el perfil de referencia y la lista de estructuras anat\u00f3micas como m\u00ednimas a identificar que actualmente se utiliza en la materia de Anatom\u00eda<\/span><\/p>\n<p>[\/et_pb_toggle][et_pb_toggle title=\u00bbSe cre\u00f3 el programa de prosecci\u00f3n anat\u00f3mica\u00bb closed_toggle_background_color=\u00bbrgba(0,0,0,0)\u00bb icon_color=\u00bb#ffffff\u00bb _builder_version=\u00bb4.0.7&#8243; title_font=\u00bb|600|||||||\u00bb title_font_size=\u00bb18px\u00bb custom_margin=\u00bb17px||6px||false|false\u00bb custom_padding=\u00bb0px||0px||false|false\u00bb border_width_all=\u00bb0px\u00bb border_width_left=\u00bb3px\u00bb border_color_left=\u00bb#D33D57&#8243;]<\/p>\n<p><span>Se han realizado la disecci\u00f3n completa 13 cad\u00e1veres que se utilizan como referencia en la identificaci\u00f3n de estructuras anat\u00f3micas de las cuatro unidades tem\u00e1ticas para todos los grupos de 1er a\u00f1o<\/span><\/p>\n<p>[\/et_pb_toggle][et_pb_toggle title=\u00bbAnatom\u00eda Humana en l\u00ednea y el Laboratorio Virtual de Prosecci\u00f3n\u00bb closed_toggle_background_color=\u00bbrgba(0,0,0,0)\u00bb icon_color=\u00bb#ffffff\u00bb _builder_version=\u00bb4.0.7&#8243; title_font=\u00bb|600|||||||\u00bb title_font_size=\u00bb18px\u00bb custom_margin=\u00bb17px||6px||false|false\u00bb custom_padding=\u00bb0px||0px||false|false\u00bb border_width_all=\u00bb0px\u00bb border_width_left=\u00bb3px\u00bb border_color_left=\u00bb#D33D57&#8243;]<\/p>\n<p><span>Se inicio la creaci\u00f3n e complementaci\u00f3n del curso de Anatom\u00eda Humana en l\u00ednea y el Laboratorio Virtual de Prosecci\u00f3n, que tiene el objetivo de mejorar y reforzar los ambientes de aprendizaje de los alumnos regulares y repetidores.<\/span><\/p>\n<p>[\/et_pb_toggle][et_pb_toggle title=\u00bbModelos anat\u00f3micos de bajo costo y alta calidad\u00bb closed_toggle_background_color=\u00bbrgba(0,0,0,0)\u00bb icon_color=\u00bb#ffffff\u00bb _builder_version=\u00bb4.0.7&#8243; title_font=\u00bb|600|||||||\u00bb title_font_size=\u00bb18px\u00bb custom_margin=\u00bb17px||6px||false|false\u00bb custom_padding=\u00bb0px||0px||false|false\u00bb border_width_all=\u00bb0px\u00bb border_width_left=\u00bb3px\u00bb border_color_left=\u00bb#D33D57&#8243;]<\/p>\n<p><span>Para el apoyo a la ense\u00f1anza del departamento de anatom\u00eda y otros Departamentos Acad\u00e9micos de la Facultad <\/span><\/p>\n<p>[\/et_pb_toggle][et_pb_toggle title=\u00bb Edici\u00f3n  del  libro sobre Morfolog\u00eda  Humana\u00bb closed_toggle_background_color=\u00bbrgba(0,0,0,0)\u00bb icon_color=\u00bb#ffffff\u00bb _builder_version=\u00bb4.0.7&#8243; title_font=\u00bb|600|||||||\u00bb title_font_size=\u00bb18px\u00bb custom_margin=\u00bb17px||6px||false|false\u00bb custom_padding=\u00bb0px||0px||false|false\u00bb border_width_all=\u00bb0px\u00bb border_width_left=\u00bb3px\u00bb border_color_left=\u00bb#D33D57&#8243;]<\/p>\n<p><span>Actualmente se trabaja en la edici\u00f3n de un libro de <strong>Morfolog\u00eda Humana<\/strong> que tiene la finalidad de integra informaci\u00f3n actualizada de la<strong> embriolog\u00eda, la biolog\u00eda celular y la anatom\u00eda para facilitar el aprendizaje sencillo,<\/strong> claro y cient\u00edfico de la morfolog\u00eda humana<\/span><\/p>\n<p>[\/et_pb_toggle][et_pb_toggle title=\u00bbRemodelaci\u00f3n estructural del \u00e1rea de investigaci\u00f3n\u00bb closed_toggle_background_color=\u00bbrgba(0,0,0,0)\u00bb icon_color=\u00bb#ffffff\u00bb _builder_version=\u00bb4.0.7&#8243; title_font=\u00bb|600|||||||\u00bb title_font_size=\u00bb18px\u00bb custom_margin=\u00bb17px||6px||false|false\u00bb custom_padding=\u00bb0px||0px||false|false\u00bb border_width_all=\u00bb0px\u00bb border_width_left=\u00bb3px\u00bb border_color_left=\u00bb#D33D57&#8243;]<\/p>\n<p><span>Se inicio y esta en proceso, no\u00a0 hab\u00eda estado sin modificaciones desde su construcci\u00f3n.<\/span><\/p>\n<p>[\/et_pb_toggle][et_pb_toggle title=\u00bbEvaluaci\u00f3n de diagn\u00f3stico cognitivo de la asignatura de anatom\u00eda\u00bb closed_toggle_background_color=\u00bbrgba(0,0,0,0)\u00bb icon_color=\u00bb#ffffff\u00bb _builder_version=\u00bb4.0.7&#8243; title_font=\u00bb|600|||||||\u00bb title_font_size=\u00bb18px\u00bb custom_margin=\u00bb17px||6px||false|false\u00bb custom_padding=\u00bb0px||0px||false|false\u00bb border_width_all=\u00bb0px\u00bb border_width_left=\u00bb3px\u00bb border_color_left=\u00bb#D33D57&#8243;]<\/p>\n<p><span>Se llev\u00f3 a cabo en los alumnos de primer a\u00f1o que cursan la asignatura de Anatom\u00eda en el <strong>ciclo escolar 2019-2020 (aproximadamente 1100 alumnos)<\/strong>, con el objetivo de identificar los tipos de aprendizaje de los alumnos de nuevo ingreso y ofrecer estrategias de estudio<\/span><\/p>\n<p>[\/et_pb_toggle][et_pb_toggle title=\u00bbReto kilos por libro\u00bb closed_toggle_background_color=\u00bbrgba(0,0,0,0)\u00bb icon_color=\u00bb#ffffff\u00bb _builder_version=\u00bb4.0.7&#8243; title_font=\u00bb|600|||||||\u00bb title_font_size=\u00bb18px\u00bb custom_margin=\u00bb17px||6px||false|false\u00bb custom_padding=\u00bb0px||0px||false|false\u00bb border_width_all=\u00bb0px\u00bb border_width_left=\u00bb3px\u00bb border_color_left=\u00bb#D33D57&#8243;]<\/p>\n<p><span>En Noviembre se cumpli\u00f3 un a\u00f1o de esta actividad, con un registro de 2684 participantes y una perdida de una tonelada ochocientos cuarenta y tres kilos (1,843.6)<\/span><\/p>\n<p>[\/et_pb_toggle][\/et_pb_column][\/et_pb_row][\/et_pb_section][et_pb_section fb_built=\u00bb1&#8243; _builder_version=\u00bb4.0.7&#8243; background_color=\u00bb#D33D57&#8243; custom_padding=\u00bb0px||1px|||\u00bb][et_pb_row _builder_version=\u00bb4.0.7&#8243;][et_pb_column type=\u00bb4_4&#8243; _builder_version=\u00bb4.0.7&#8243;][et_pb_text _builder_version=\u00bb4.0.7&#8243; custom_padding=\u00bb||0px|||\u00bb][\/et_pb_text][\/et_pb_column][\/et_pb_row][\/et_pb_section][et_pb_section fb_built=\u00bb1&#8243; _builder_version=\u00bb4.0.7&#8243; background_image=\u00bbhttps:\/\/informe20162020.facmed.unam.mx\/wp-content\/uploads\/2019\/11\/bq.png\u00bb min_height=\u00bb381px\u00bb][et_pb_row column_structure=\u00bb1_2,1_2&#8243; _builder_version=\u00bb4.0.7&#8243;][et_pb_column type=\u00bb1_2&#8243; _builder_version=\u00bb4.0.7&#8243;][et_pb_text _builder_version=\u00bb4.0.7&#8243; header_font=\u00bb|700|||||||\u00bb header_text_color=\u00bb#276d87&#8243; header_font_size=\u00bb58px\u00bb custom_margin=\u00bb||10px|||\u00bb custom_padding=\u00bb18px|||||\u00bb animation_style=\u00bbfade\u00bb]<\/p>\n<h1 style=\"text-align: left;\"><img decoding=\"async\" loading=\"lazy\" src=\"https:\/\/informe20162020.facmed.unam.mx\/wp-content\/uploads\/2019\/11\/trilogo.png\" width=\"59\" height=\"57\" alt=\"\" class=\"wp-image-12920 alignnone size-full\" srcset=\"https:\/\/informe20162020.facmed.unam.mx\/wp-content\/uploads\/2019\/11\/trilogo.png 328w, https:\/\/informe20162020.facmed.unam.mx\/wp-content\/uploads\/2019\/11\/trilogo-300x290.png 300w\" sizes=\"(max-width: 59px) 100vw, 59px\" \/>\u00a0Bioqu\u00edmica<\/h1>\n<p>[\/et_pb_text][et_pb_text _builder_version=\u00bb4.0.7&#8243; text_font=\u00bb|700|||||||\u00bb text_font_size=\u00bb19px\u00bb text_line_height=\u00bb1em\u00bb custom_margin=\u00bb||39px|||\u00bb]<\/p>\n<p><span>Dr. Federico Mart\u00ednez Montes<\/span><\/p>\n<p>[\/et_pb_text][et_pb_text _builder_version=\u00bb4.0.7&#8243; text_font=\u00bb|600|||||||\u00bb text_font_size=\u00bb18px\u00bb header_font=\u00bb|600|||||||\u00bb header_font_size=\u00bb32px\u00bb custom_padding=\u00bb|||20px|false|false\u00bb animation_style=\u00bbslide\u00bb animation_direction=\u00bbleft\u00bb border_width_left=\u00bb3px\u00bb border_color_left=\u00bb#0082AF\u00bb]<\/p>\n<p><span>Mejor\u00eda en la acreditaci\u00f3n de los alumnos de bioqu\u00edmica e inmunolog\u00eda<\/span><\/p>\n<p>[\/et_pb_text][et_pb_text _builder_version=\u00bb4.0.7&#8243; text_font=\u00bb|600|||||||\u00bb text_font_size=\u00bb18px\u00bb header_font=\u00bb|600|||||||\u00bb header_font_size=\u00bb32px\u00bb custom_padding=\u00bb|||20px|false|false\u00bb animation_style=\u00bbslide\u00bb animation_direction=\u00bbleft\u00bb border_width_left=\u00bb3px\u00bb border_color_left=\u00bb#0082AF\u00bb]<\/p>\n<p><span>Incremento en la contrataci\u00f3n de profesores con nivel de posgrado<\/span><\/p>\n<p>[\/et_pb_text][et_pb_text _builder_version=\u00bb4.0.7&#8243; text_font=\u00bb|600|||||||\u00bb text_font_size=\u00bb18px\u00bb header_font=\u00bb|600|||||||\u00bb header_font_size=\u00bb32px\u00bb custom_padding=\u00bb|||20px|false|false\u00bb animation_style=\u00bbslide\u00bb animation_direction=\u00bbleft\u00bb border_width_left=\u00bb3px\u00bb border_color_left=\u00bb#0082AF\u00bb]<\/p>\n<p><span>Promoci\u00f3n de profesores en concursos de oposici\u00f3n<\/span><\/p>\n<p>[\/et_pb_text][et_pb_text _builder_version=\u00bb4.0.7&#8243; text_font=\u00bb|600|||||||\u00bb text_font_size=\u00bb18px\u00bb header_font=\u00bb|600|||||||\u00bb header_font_size=\u00bb32px\u00bb custom_padding=\u00bb|||20px|false|false\u00bb animation_style=\u00bbslide\u00bb animation_direction=\u00bbleft\u00bb border_width_left=\u00bb3px\u00bb border_color_left=\u00bb#0082AF\u00bb]<\/p>\n<p><span>Obtenci\u00f3n de recursos intra y extrauniversitario\u00a0para proyectos de investigaci\u00f3n<\/span><\/p>\n<p>[\/et_pb_text][et_pb_text _builder_version=\u00bb4.0.7&#8243; text_font=\u00bb|600|||||||\u00bb text_font_size=\u00bb18px\u00bb header_font=\u00bb|600|||||||\u00bb header_font_size=\u00bb32px\u00bb custom_padding=\u00bb|||20px|false|false\u00bb animation_style=\u00bbslide\u00bb animation_direction=\u00bbleft\u00bb border_width_left=\u00bb3px\u00bb border_color_left=\u00bb#0082AF\u00bb]<\/p>\n<p><span>Incremento en las publicaciones internacionales y nacionales<\/span><\/p>\n<p>[\/et_pb_text][\/et_pb_column][et_pb_column type=\u00bb1_2&#8243; _builder_version=\u00bb4.0.7&#8243;][\/et_pb_column][\/et_pb_row][\/et_pb_section][et_pb_section fb_built=\u00bb1&#8243; _builder_version=\u00bb4.0.7&#8243; background_color=\u00bb#3170b2&#8243; custom_padding=\u00bb0px||1px|||\u00bb][et_pb_row _builder_version=\u00bb4.0.7&#8243;][et_pb_column type=\u00bb4_4&#8243; _builder_version=\u00bb4.0.7&#8243;][et_pb_text _builder_version=\u00bb4.0.7&#8243;][\/et_pb_text][\/et_pb_column][\/et_pb_row][\/et_pb_section][et_pb_section fb_built=\u00bb1&#8243; _builder_version=\u00bb4.0.7&#8243; background_color=\u00bb#0082af\u00bb background_image=\u00bbhttps:\/\/informe20162020.facmed.unam.mx\/wp-content\/uploads\/2019\/11\/bct.png\u00bb parallax=\u00bbon\u00bb custom_padding=\u00bb||110px|||\u00bb][et_pb_row column_structure=\u00bb2_5,3_5&#8243; _builder_version=\u00bb4.0.7&#8243; custom_margin=\u00bb26px|auto||auto||\u00bb][et_pb_column type=\u00bb2_5&#8243; _builder_version=\u00bb4.0.7&#8243;][\/et_pb_column][et_pb_column type=\u00bb3_5&#8243; _builder_version=\u00bb4.0.7&#8243;][et_pb_text _builder_version=\u00bb4.0.7&#8243; header_font=\u00bb|700|||||||\u00bb header_text_color=\u00bb#00B3A3&#8243; header_font_size=\u00bb37px\u00bb width=\u00bb100%\u00bb custom_margin=\u00bb||17px|||\u00bb custom_padding=\u00bb18px||0px|0px||\u00bb animation_style=\u00bbfade\u00bb]<\/p>\n<h1 style=\"text-align: left;\">\u00a0Biolog\u00eda Celular y Tisular<\/h1>\n<p>[\/et_pb_text][et_pb_text _builder_version=\u00bb4.0.7&#8243; text_font=\u00bb|700|||||||\u00bb text_font_size=\u00bb17px\u00bb text_line_height=\u00bb1em\u00bb custom_margin=\u00bb-8px||31px|11px||\u00bb]<\/p>\n<p><strong><span>Dra. Mar\u00eda Isabel Garc\u00eda Pela\u00e9z<\/span><\/strong><\/p>\n<p>[\/et_pb_text][et_pb_text _builder_version=\u00bb4.0.7&#8243; text_font=\u00bb|600|||||||\u00bb text_font_size=\u00bb18px\u00bb header_font=\u00bb|600|||||||\u00bb header_font_size=\u00bb32px\u00bb custom_padding=\u00bb|||20px|false|false\u00bb animation_style=\u00bbslide\u00bb animation_direction=\u00bbleft\u00bb border_width_left=\u00bb3px\u00bb border_color_left=\u00bb#009b8e\u00bb]<\/p>\n<p><span>Adquisici\u00f3n de 90 microscopios para ense\u00f1anza y 2 fotomicroscopios para investigaci\u00f3n y para el uso de los Profesores.<\/span><\/p>\n<p>[\/et_pb_text][et_pb_text _builder_version=\u00bb4.0.7&#8243; text_font=\u00bb|600|||||||\u00bb text_font_size=\u00bb18px\u00bb header_font=\u00bb|600|||||||\u00bb header_font_size=\u00bb32px\u00bb custom_padding=\u00bb|||20px|false|false\u00bb animation_style=\u00bbslide\u00bb animation_direction=\u00bbleft\u00bb border_width_left=\u00bb3px\u00bb border_color_left=\u00bb#009b8e\u00bb]<\/p>\n<p><span>Recursos did\u00e1cticos en l\u00ednea: Aula Virtual y V\u00eddeos educativos.<\/span><\/p>\n<p>[\/et_pb_text][et_pb_text _builder_version=\u00bb4.0.7&#8243; text_font=\u00bb|600|||||||\u00bb text_font_size=\u00bb18px\u00bb header_font=\u00bb|600|||||||\u00bb header_font_size=\u00bb32px\u00bb custom_padding=\u00bb|||20px|false|false\u00bb animation_style=\u00bbslide\u00bb animation_direction=\u00bbleft\u00bb border_width_left=\u00bb3px\u00bb border_color_left=\u00bb#009b8e\u00bb]<\/p>\n<p><span>Festival de Expresi\u00f3n Art\u00edstica en Histolog\u00eda.<\/span><\/p>\n<p>[\/et_pb_text][\/et_pb_column][\/et_pb_row][\/et_pb_section][et_pb_section fb_built=\u00bb1&#8243; _builder_version=\u00bb4.0.7&#8243; background_color=\u00bb#00B3A3&#8243; custom_padding=\u00bb0px||1px|||\u00bb][et_pb_row _builder_version=\u00bb4.0.7&#8243;][et_pb_column type=\u00bb4_4&#8243; _builder_version=\u00bb4.0.7&#8243;][et_pb_text _builder_version=\u00bb4.0.7&#8243; custom_padding=\u00bb||0px|||\u00bb][\/et_pb_text][\/et_pb_column][\/et_pb_row][\/et_pb_section][et_pb_section fb_built=\u00bb1&#8243; _builder_version=\u00bb4.0.7&#8243; background_color=\u00bb#f4f4f4&#8243; background_image=\u00bbhttps:\/\/informe20162020.facmed.unam.mx\/wp-content\/uploads\/2019\/11\/Pecem-1024&#215;683-copia.png\u00bb parallax=\u00bbon\u00bb custom_margin=\u00bb-26px|||||\u00bb][et_pb_row column_structure=\u00bb1_2,1_2&#8243; _builder_version=\u00bb4.0.7&#8243;][et_pb_column type=\u00bb1_2&#8243; _builder_version=\u00bb4.0.7&#8243;][et_pb_text _builder_version=\u00bb4.0.7&#8243; header_font=\u00bb|700|||||||\u00bb header_text_color=\u00bb#86171A\u00bb header_font_size=\u00bb58px\u00bb custom_margin=\u00bb||10px|||\u00bb custom_padding=\u00bb18px|||||\u00bb animation_style=\u00bbfade\u00bb]<\/p>\n<h1>Cirug\u00eda<\/h1>\n<p>[\/et_pb_text][et_pb_text _builder_version=\u00bb4.0.7&#8243; text_font=\u00bb|700|||||||\u00bb text_font_size=\u00bb19px\u00bb text_line_height=\u00bb1em\u00bb custom_margin=\u00bb||39px|||\u00bb]<\/p>\n<p>Dr. Rub\u00e9n Arg\u00fcero S\u00e1nchez<\/p>\n<p>[\/et_pb_text][et_pb_text _builder_version=\u00bb4.0.7&#8243; text_font=\u00bb|600|||||||\u00bb text_font_size=\u00bb18px\u00bb header_font=\u00bb|600|||||||\u00bb header_font_size=\u00bb32px\u00bb custom_padding=\u00bb|||20px|false|false\u00bb animation_style=\u00bbslide\u00bb animation_direction=\u00bbleft\u00bb border_width_left=\u00bb3px\u00bb border_color_left=\u00bb#86171A\u00bb]<\/p>\n<p><span>Actualizaci\u00f3n del Programa Acad\u00e9mico de Introducci\u00f3n a la Cirug\u00eda: Substituci\u00f3n del modelo biol\u00f3gico conejo por simuladores inertes de mediana fidelidad despu\u00e9s de 45 a\u00f1os<\/span><\/p>\n<p>[\/et_pb_text][et_pb_text _builder_version=\u00bb4.0.7&#8243; text_font=\u00bb|600|||||||\u00bb text_font_size=\u00bb18px\u00bb header_font=\u00bb|600|||||||\u00bb header_font_size=\u00bb32px\u00bb custom_padding=\u00bb|||20px|false|false\u00bb animation_style=\u00bbslide\u00bb animation_direction=\u00bbleft\u00bb border_width_left=\u00bb3px\u00bb border_color_left=\u00bb#86171A\u00bb]<\/p>\n<p><span>Renovaci\u00f3n de la infraestructura f\u00edsica de equipamiento y de tecnolog\u00eda digital<\/span><\/p>\n<p>[\/et_pb_text][et_pb_text _builder_version=\u00bb4.0.7&#8243; text_font=\u00bb|600|||||||\u00bb text_font_size=\u00bb18px\u00bb header_font=\u00bb|600|||||||\u00bb header_font_size=\u00bb32px\u00bb custom_padding=\u00bb|||20px|false|false\u00bb animation_style=\u00bbslide\u00bb animation_direction=\u00bbleft\u00bb border_width_left=\u00bb3px\u00bb border_color_left=\u00bb#86171A\u00bb]<\/p>\n<p><span>Adecuaci\u00f3n y equipamiento de quir\u00f3fano de alta especialidad<\/span><\/p>\n<p>[\/et_pb_text][et_pb_text _builder_version=\u00bb4.0.7&#8243; text_font=\u00bb|600|||||||\u00bb text_font_size=\u00bb18px\u00bb header_font=\u00bb|600|||||||\u00bb header_font_size=\u00bb32px\u00bb custom_padding=\u00bb|||20px|false|false\u00bb animation_style=\u00bbslide\u00bb animation_direction=\u00bbleft\u00bb border_width_left=\u00bb3px\u00bb border_color_left=\u00bb#86171A\u00bb]<\/p>\n<p style=\"font-weight: 400;\">Se realizaron<span>\u00a0<\/span><strong>236 cursos<\/strong>, con asistencia de\u00a0<strong>4,824<\/strong><span>\u00a0<\/span><strong>alumnos<\/strong>\u00a0en el periodo de 2016 a 2019, en conjunto con la Divisi\u00f3n de Estudios de Posgrado.<\/p>\n<p style=\"font-weight: 400;\">[\/et_pb_text][\/et_pb_column][et_pb_column type=\u00bb1_2&#8243; _builder_version=\u00bb4.0.7&#8243;][\/et_pb_column][\/et_pb_row][\/et_pb_section][et_pb_section fb_built=\u00bb1&#8243; _builder_version=\u00bb4.0.7&#8243; background_color=\u00bb#86171A\u00bb custom_padding=\u00bb0px||1px|||\u00bb][et_pb_row _builder_version=\u00bb4.0.7&#8243;][et_pb_column type=\u00bb4_4&#8243; _builder_version=\u00bb4.0.7&#8243;][et_pb_text _builder_version=\u00bb4.0.7&#8243; custom_padding=\u00bb||0px|||\u00bb][\/et_pb_text][\/et_pb_column][\/et_pb_row][\/et_pb_section][et_pb_section fb_built=\u00bb1&#8243; _builder_version=\u00bb4.0.7&#8243; background_enable_color=\u00bboff\u00bb background_image=\u00bbhttps:\/\/informe20162020.facmed.unam.mx\/wp-content\/uploads\/2019\/11\/embri.png\u00bb parallax=\u00bbon\u00bb][et_pb_row column_structure=\u00bb1_3,2_3&#8243; _builder_version=\u00bb4.0.7&#8243;][et_pb_column type=\u00bb1_3&#8243; _builder_version=\u00bb4.0.7&#8243;][\/et_pb_column][et_pb_column type=\u00bb2_3&#8243; _builder_version=\u00bb4.0.7&#8243;][et_pb_text _builder_version=\u00bb4.0.7&#8243; header_font=\u00bb|700|||||||\u00bb header_text_align=\u00bbleft\u00bb header_text_color=\u00bb#ed6a6a\u00bb header_font_size=\u00bb37px\u00bb custom_margin=\u00bb||17px|||\u00bb custom_padding=\u00bb18px|||||\u00bb animation_style=\u00bbfade\u00bb]<\/p>\n<h1 style=\"text-align: left;\"><img decoding=\"async\" loading=\"lazy\" src=\"https:\/\/informe20162020.facmed.unam.mx\/wp-content\/uploads\/2019\/11\/logo.png\" width=\"33\" height=\"48\" alt=\"\" class=\"wp-image-12970 alignnone size-full\" \/>\u00a0Embriolog\u00eda y Gen\u00e9tica<\/h1>\n<p>[\/et_pb_text][et_pb_text _builder_version=\u00bb4.0.7&#8243; text_font=\u00bb|700|||||||\u00bb text_font_size=\u00bb19px\u00bb text_line_height=\u00bb1em\u00bb custom_margin=\u00bb||39px|||\u00bb]<\/p>\n<p><span>Dra. Mar\u00eda Guadalupe S\u00e1nchez Bringas<\/span><\/p>\n<p>[\/et_pb_text][et_pb_text _builder_version=\u00bb4.0.7&#8243; text_font=\u00bb|600|||||||\u00bb text_font_size=\u00bb18px\u00bb header_font=\u00bb|600|||||||\u00bb header_font_size=\u00bb32px\u00bb custom_padding=\u00bb|||20px|false|false\u00bb animation_style=\u00bbslide\u00bb animation_direction=\u00bbleft\u00bb border_width_left=\u00bb3px\u00bb border_color_left=\u00bb#ed6a6a\u00bb]<\/p>\n<p><span>Modernizaci\u00f3n del Departamento de Embriolog\u00eda y Gen\u00e9ticas.<\/span><\/p>\n<p>[\/et_pb_text][et_pb_text _builder_version=\u00bb4.0.7&#8243; text_font=\u00bb|600|||||||\u00bb text_font_size=\u00bb18px\u00bb header_font=\u00bb|600|||||||\u00bb header_font_size=\u00bb32px\u00bb custom_padding=\u00bb|||20px|false|false\u00bb animation_style=\u00bbslide\u00bb animation_direction=\u00bbleft\u00bb border_width_left=\u00bb3px\u00bb border_color_left=\u00bb#ed6a6a\u00bb]<\/p>\n<p><span>Incorporaci\u00f3n acad\u00e9mico-administrativa de la asignatura de Gen\u00e9tica Cl\u00ednica<\/span><\/p>\n<p>[\/et_pb_text][et_pb_text _builder_version=\u00bb4.0.7&#8243; text_font=\u00bb|600|||||||\u00bb text_font_size=\u00bb18px\u00bb header_font=\u00bb|600|||||||\u00bb header_font_size=\u00bb32px\u00bb custom_padding=\u00bb|||20px|false|false\u00bb animation_style=\u00bbslide\u00bb animation_direction=\u00bbleft\u00bb border_width_left=\u00bb3px\u00bb border_color_left=\u00bb#ed6a6a\u00bb]<\/p>\n<p><span>Creaci\u00f3n del cat\u00e1logo de fetos del Departamento de Embriolog\u00eda y Gen\u00e9tica<\/span><\/p>\n<p>[\/et_pb_text][et_pb_text _builder_version=\u00bb4.0.7&#8243; text_font=\u00bb|600|||||||\u00bb text_font_size=\u00bb18px\u00bb header_font=\u00bb|600|||||||\u00bb header_font_size=\u00bb32px\u00bb custom_padding=\u00bb|||20px|false|false\u00bb animation_style=\u00bbslide\u00bb animation_direction=\u00bbleft\u00bb border_width_left=\u00bb3px\u00bb border_color_left=\u00bb#ed6a6a\u00bb]<\/p>\n<p><span>Actualizaci\u00f3n de los perfiles de referencia de Embriolog\u00eda Humana y Gen\u00e9tica Cl\u00ednica<\/span><\/p>\n<p>[\/et_pb_text][et_pb_text _builder_version=\u00bb4.0.7&#8243; text_font=\u00bb|600|||||||\u00bb text_font_size=\u00bb18px\u00bb header_font=\u00bb|600|||||||\u00bb header_font_size=\u00bb32px\u00bb custom_padding=\u00bb|||20px|false|false\u00bb animation_style=\u00bbslide\u00bb animation_direction=\u00bbleft\u00bb border_width_left=\u00bb3px\u00bb border_color_left=\u00bb#ed6a6a\u00bb]<\/p>\n<p><span>Elaboraci\u00f3n de material audiovisual del Departamento de Embriolog\u00eda y Gen\u00e9tica<\/span><\/p>\n<p>[\/et_pb_text][\/et_pb_column][\/et_pb_row][\/et_pb_section][et_pb_section fb_built=\u00bb1&#8243; _builder_version=\u00bb4.0.7&#8243; background_color=\u00bb#bf8da3&#8243; custom_padding=\u00bb0px||1px|||\u00bb][et_pb_row _builder_version=\u00bb4.0.7&#8243;][et_pb_column type=\u00bb4_4&#8243; _builder_version=\u00bb4.0.7&#8243;][et_pb_text _builder_version=\u00bb4.0.7&#8243; custom_padding=\u00bb||0px|||\u00bb][\/et_pb_text][\/et_pb_column][\/et_pb_row][\/et_pb_section][et_pb_section fb_built=\u00bb1&#8243; _builder_version=\u00bb4.0.7&#8243; background_color=\u00bb#f4f4f4&#8243; background_image=\u00bbhttps:\/\/informe20162020.facmed.unam.mx\/wp-content\/uploads\/2019\/12\/farma-04-1-1.png\u00bb parallax=\u00bbon\u00bb custom_margin=\u00bb-26px|||||\u00bb][et_pb_row column_structure=\u00bb1_2,1_2&#8243; _builder_version=\u00bb4.0.7&#8243;][et_pb_column type=\u00bb1_2&#8243; _builder_version=\u00bb4.0.7&#8243;][et_pb_text _builder_version=\u00bb4.0.7&#8243; header_font=\u00bb|700|||||||\u00bb header_text_color=\u00bb#F15F61&#8243; header_font_size=\u00bb58px\u00bb custom_margin=\u00bb||10px|||\u00bb custom_padding=\u00bb18px|||||\u00bb animation_style=\u00bbfade\u00bb]<\/p>\n<h1>Farmacolog\u00eda<\/h1>\n<p>[\/et_pb_text][et_pb_text _builder_version=\u00bb4.0.7&#8243; text_font=\u00bb|700|||||||\u00bb text_font_size=\u00bb19px\u00bb text_line_height=\u00bb1em\u00bb custom_margin=\u00bb||39px|||\u00bb]Dr. Gil Alfonso Magos Guerrero[\/et_pb_text][et_pb_text _builder_version=\u00bb4.0.7&#8243; text_font=\u00bb|600|||||||\u00bb text_font_size=\u00bb18px\u00bb header_font=\u00bb|600|||||||\u00bb header_font_size=\u00bb32px\u00bb custom_padding=\u00bb|||20px|false|false\u00bb animation_style=\u00bbslide\u00bb animation_direction=\u00bbleft\u00bb border_width_left=\u00bb3px\u00bb border_color_left=\u00bb#F15F61&#8243;]<\/p>\n<p><span><strong>108<\/strong> nuevas computadoras para el laboratorio.<\/span><\/p>\n<p>[\/et_pb_text][et_pb_text _builder_version=\u00bb4.0.7&#8243; text_font=\u00bb|600|||||||\u00bb text_font_size=\u00bb18px\u00bb header_font=\u00bb|600|||||||\u00bb header_font_size=\u00bb32px\u00bb custom_padding=\u00bb|||20px|false|false\u00bb animation_style=\u00bbslide\u00bb animation_direction=\u00bbleft\u00bb border_width_left=\u00bb3px\u00bb border_color_left=\u00bb#F15F61&#8243;]<\/p>\n<p><span>Adquisici\u00f3n de <strong>6 Visores y equipos de computo de \u00faltima generaci\u00f3n<\/strong> para realidad virtual<\/span><\/p>\n<p>[\/et_pb_text][et_pb_text _builder_version=\u00bb4.0.7&#8243; text_font=\u00bb|600|||||||\u00bb text_font_size=\u00bb18px\u00bb header_font=\u00bb|600|||||||\u00bb header_font_size=\u00bb32px\u00bb custom_padding=\u00bb|||20px|false|false\u00bb animation_style=\u00bbslide\u00bb animation_direction=\u00bbleft\u00bb border_width_left=\u00bb3px\u00bb border_color_left=\u00bb#F15F61&#8243;]<\/p>\n<p><span>Creaci\u00f3n de las unidades de an\u00e1lisis para PCR e identificaci\u00f3n de Prote\u00ednas<\/span><\/p>\n<p>[\/et_pb_text][et_pb_text _builder_version=\u00bb4.0.7&#8243; text_font=\u00bb|600|||||||\u00bb text_font_size=\u00bb18px\u00bb header_font=\u00bb|600|||||||\u00bb header_font_size=\u00bb32px\u00bb custom_padding=\u00bb|||20px|false|false\u00bb animation_style=\u00bbslide\u00bb animation_direction=\u00bbleft\u00bb border_width_left=\u00bb3px\u00bb border_color_left=\u00bb#F15F61&#8243;]<\/p>\n<p><span>Imparticion sabatina de 4 diplomados con eficiencia terminal de 659 alumnos.<\/span><\/p>\n<p>[\/et_pb_text][\/et_pb_column][et_pb_column type=\u00bb1_2&#8243; _builder_version=\u00bb4.0.7&#8243;][\/et_pb_column][\/et_pb_row][\/et_pb_section][et_pb_section fb_built=\u00bb1&#8243; _builder_version=\u00bb4.0.7&#8243; background_color=\u00bb#7c7c7c\u00bb custom_padding=\u00bb0px||1px|||\u00bb][et_pb_row _builder_version=\u00bb4.0.7&#8243;][et_pb_column type=\u00bb4_4&#8243; _builder_version=\u00bb4.0.7&#8243;][et_pb_text _builder_version=\u00bb4.0.7&#8243; custom_padding=\u00bb||0px|||\u00bb][\/et_pb_text][\/et_pb_column][\/et_pb_row][\/et_pb_section][et_pb_section fb_built=\u00bb1&#8243; _builder_version=\u00bb4.0.7&#8243; background_enable_color=\u00bboff\u00bb background_image=\u00bbhttps:\/\/informe20162020.facmed.unam.mx\/wp-content\/uploads\/2019\/12\/fisiologi\u0301a.png\u00bb parallax=\u00bbon\u00bb hover_enabled=\u00bb0&#8243;][et_pb_row column_structure=\u00bb1_3,2_3&#8243; _builder_version=\u00bb4.0.7&#8243;][et_pb_column type=\u00bb1_3&#8243; _builder_version=\u00bb4.0.7&#8243;][\/et_pb_column][et_pb_column type=\u00bb2_3&#8243; _builder_version=\u00bb4.0.7&#8243;][et_pb_text _builder_version=\u00bb4.0.7&#8243; header_font=\u00bb|700|||||||\u00bb header_text_align=\u00bbleft\u00bb header_text_color=\u00bb#0D7D3F\u00bb header_font_size=\u00bb37px\u00bb custom_margin=\u00bb||17px|||\u00bb custom_padding=\u00bb18px|||||\u00bb animation_style=\u00bbfade\u00bb]<\/p>\n<h1>Fisiolog\u00eda<\/h1>\n<p>[\/et_pb_text][et_pb_text _builder_version=\u00bb4.0.7&#8243; text_font=\u00bb|700|||||||\u00bb text_font_size=\u00bb19px\u00bb text_line_height=\u00bb1em\u00bb custom_margin=\u00bb||39px|||\u00bb]<\/p>\n<p>Dra. Virginia Incl\u00e1n Rubio<\/p>\n<p>[\/et_pb_text][et_pb_text _builder_version=\u00bb4.0.7&#8243; text_font=\u00bb|600|||||||\u00bb text_font_size=\u00bb18px\u00bb header_font=\u00bb|600|||||||\u00bb header_font_size=\u00bb32px\u00bb custom_padding=\u00bb|||20px|false|false\u00bb animation_style=\u00bbslide\u00bb animation_direction=\u00bbleft\u00bb border_width_left=\u00bb3px\u00bb border_color_left=\u00bb#0D7D3F\u00bb]<\/p>\n<p><span> Revisi\u00f3n y actualizaci\u00f3n de los programas te\u00f3rico y pr\u00e1ctico de la asignatura de fisiolog\u00eda.\u00a0<\/span><\/p>\n<p>[\/et_pb_text][et_pb_text _builder_version=\u00bb4.0.7&#8243; text_font=\u00bb|600|||||||\u00bb text_font_size=\u00bb18px\u00bb header_font=\u00bb|600|||||||\u00bb header_font_size=\u00bb32px\u00bb custom_padding=\u00bb|||20px|false|false\u00bb animation_style=\u00bbslide\u00bb animation_direction=\u00bbleft\u00bb border_width_left=\u00bb3px\u00bb border_color_left=\u00bb#0D7D3F\u00bb]<\/p>\n<p><span>Programa permanente de asesor\u00edas para el fortalecimiento del aprendizaje de la fisiolog\u00eda. Asesor\u00edas Asistidas por Pares (AAP). <\/span><\/p>\n<p>[\/et_pb_text][et_pb_text _builder_version=\u00bb4.0.7&#8243; text_font=\u00bb|600|||||||\u00bb text_font_size=\u00bb18px\u00bb header_font=\u00bb|600|||||||\u00bb header_font_size=\u00bb32px\u00bb custom_padding=\u00bb|||20px|false|false\u00bb animation_style=\u00bbslide\u00bb animation_direction=\u00bbleft\u00bb border_width_left=\u00bb3px\u00bb border_color_left=\u00bb#0D7D3F\u00bb]<\/p>\n<p><span>Aula Virtual y Publicaciones de la Comunidad de j\u00f3venes estudiantes (Observatory Teaching Learning Of Physiology) Indexado en Oper Air<\/span><\/p>\n<p>[\/et_pb_text][et_pb_text _builder_version=\u00bb4.0.7&#8243; text_font=\u00bb|600|||||||\u00bb text_font_size=\u00bb18px\u00bb header_font=\u00bb|600|||||||\u00bb header_font_size=\u00bb32px\u00bb custom_padding=\u00bb|||20px|false|false\u00bb animation_style=\u00bbslide\u00bb animation_direction=\u00bbleft\u00bb border_width_left=\u00bb3px\u00bb border_color_left=\u00bb#0D7D3F\u00bb]<\/p>\n<p><span>Programa de Mentor\u00eda Docente: Aval por la SEM, FACMED y de inter\u00e9s docente por la Sociedad Espa\u00f1ola de Educaci\u00f3n M\u00e9dica. <\/span><\/p>\n<p>[\/et_pb_text][et_pb_text _builder_version=\u00bb4.0.7&#8243; text_font=\u00bb|600|||||||\u00bb text_font_size=\u00bb18px\u00bb header_font=\u00bb|600|||||||\u00bb header_font_size=\u00bb32px\u00bb custom_padding=\u00bb|||20px|false|false\u00bb animation_style=\u00bbslide\u00bb animation_direction=\u00bbleft\u00bb border_width_left=\u00bb3px\u00bb border_color_left=\u00bb#0D7D3F\u00bb]<\/p>\n<p>Remodelaci\u00f3n de \u00e1reas de investigaci\u00f3n y administrativas<\/p>\n<p>[\/et_pb_text][\/et_pb_column][\/et_pb_row][\/et_pb_section][et_pb_section fb_built=\u00bb1&#8243; _builder_version=\u00bb4.0.7&#8243; background_color=\u00bb#7c7c7c\u00bb custom_padding=\u00bb0px||1px|||\u00bb][et_pb_row _builder_version=\u00bb4.0.7&#8243;][et_pb_column type=\u00bb4_4&#8243; _builder_version=\u00bb4.0.7&#8243;][et_pb_text _builder_version=\u00bb4.0.7&#8243; custom_padding=\u00bb||0px|||\u00bb][\/et_pb_text][\/et_pb_column][\/et_pb_row][\/et_pb_section][et_pb_section fb_built=\u00bb1&#8243; _builder_version=\u00bb4.0.7&#8243; background_color=\u00bb#f4f4f4&#8243; parallax=\u00bbon\u00bb custom_margin=\u00bb-26px|||||\u00bb hover_enabled=\u00bb0&#8243; background_image=\u00bbhttps:\/\/informe20162020.facmed.unam.mx\/wp-content\/uploads\/2019\/12\/historia.png\u00bb][et_pb_row column_structure=\u00bb3_5,2_5&#8243; _builder_version=\u00bb4.0.7&#8243;][et_pb_column type=\u00bb3_5&#8243; _builder_version=\u00bb4.0.7&#8243;][et_pb_text _builder_version=\u00bb4.0.7&#8243; header_font=\u00bb|700|||||||\u00bb header_text_color=\u00bb#604B9F\u00bb header_font_size=\u00bb36px\u00bb custom_margin=\u00bb||10px|||\u00bb custom_padding=\u00bb18px|||||\u00bb animation_style=\u00bbfade\u00bb]<\/p>\n<h1><span>Historia y Filosof\u00eda de la Medicina<\/span><\/h1>\n<p>[\/et_pb_text][et_pb_text _builder_version=\u00bb4.0.7&#8243; text_font=\u00bb|700|||||||\u00bb text_font_size=\u00bb19px\u00bb text_line_height=\u00bb1em\u00bb custom_margin=\u00bb||39px|||\u00bb]Dra. Martha Eugenia Rodr\u00edguez P\u00e9rez[\/et_pb_text][et_pb_text _builder_version=\u00bb4.0.7&#8243; text_font=\u00bb|600|||||||\u00bb text_font_size=\u00bb18px\u00bb header_font=\u00bb|600|||||||\u00bb header_font_size=\u00bb32px\u00bb custom_padding=\u00bb|||20px|false|false\u00bb animation_style=\u00bbslide\u00bb animation_direction=\u00bbleft\u00bb border_width_left=\u00bb3px\u00bb border_color_left=\u00bb#604B9F\u00bb]Actualizaci\u00f3n y regularizaci\u00f3n de la planta docente[\/et_pb_text][et_pb_text _builder_version=\u00bb4.0.7&#8243; text_font=\u00bb|600|||||||\u00bb text_font_size=\u00bb18px\u00bb header_font=\u00bb|600|||||||\u00bb header_font_size=\u00bb32px\u00bb custom_padding=\u00bb|||20px|false|false\u00bb animation_style=\u00bbslide\u00bb animation_direction=\u00bbleft\u00bb border_width_left=\u00bb3px\u00bb border_color_left=\u00bb#604B9F\u00bb]Elaborar un libro de texto de historia de la medicina[\/et_pb_text][et_pb_text _builder_version=\u00bb4.0.7&#8243; text_font=\u00bb|600|||||||\u00bb text_font_size=\u00bb18px\u00bb header_font=\u00bb|600|||||||\u00bb header_font_size=\u00bb32px\u00bb custom_padding=\u00bb|||20px|false|false\u00bb animation_style=\u00bbslide\u00bb animation_direction=\u00bbleft\u00bb border_width_left=\u00bb3px\u00bb border_color_left=\u00bb#604B9F\u00bb]Adecuar espacios para la docencia[\/et_pb_text][et_pb_text _builder_version=\u00bb4.0.7&#8243; text_font=\u00bb|600|||||||\u00bb text_font_size=\u00bb18px\u00bb header_font=\u00bb|600|||||||\u00bb header_font_size=\u00bb32px\u00bb custom_padding=\u00bb|||20px|false|false\u00bb animation_style=\u00bbslide\u00bb animation_direction=\u00bbleft\u00bb border_width_left=\u00bb3px\u00bb border_color_left=\u00bb#604B9F\u00bb]Amplia publicaci\u00f3n de libros por parte del personal acad\u00e9mico del Departamento[\/et_pb_text][et_pb_text _builder_version=\u00bb4.0.7&#8243; text_font=\u00bb|600|||||||\u00bb text_font_size=\u00bb18px\u00bb header_font=\u00bb|600|||||||\u00bb header_font_size=\u00bb32px\u00bb custom_padding=\u00bb|||20px|false|false\u00bb animation_style=\u00bbslide\u00bb animation_direction=\u00bbleft\u00bb border_width_left=\u00bb3px\u00bb border_color_left=\u00bb#604B9F\u00bb]Optimizar la docencia de pregrado y posgrado[\/et_pb_text][\/et_pb_column][et_pb_column type=\u00bb2_5&#8243; _builder_version=\u00bb4.0.7&#8243;][\/et_pb_column][\/et_pb_row][\/et_pb_section][et_pb_section fb_built=\u00bb1&#8243; _builder_version=\u00bb4.0.7&#8243; background_color=\u00bb#7c7c7c\u00bb custom_padding=\u00bb0px||1px|||\u00bb][et_pb_row _builder_version=\u00bb4.0.7&#8243;][et_pb_column type=\u00bb4_4&#8243; _builder_version=\u00bb4.0.7&#8243;][et_pb_text _builder_version=\u00bb4.0.7&#8243; custom_padding=\u00bb||0px|||\u00bb][\/et_pb_text][\/et_pb_column][\/et_pb_row][\/et_pb_section][et_pb_section fb_built=\u00bb1&#8243; _builder_version=\u00bb4.0.7&#8243; background_enable_color=\u00bboff\u00bb background_image=\u00bbhttps:\/\/informe20162020.facmed.unam.mx\/wp-content\/uploads\/2019\/12\/anfi.png\u00bb parallax=\u00bbon\u00bb hover_enabled=\u00bb0&#8243;][et_pb_row column_structure=\u00bb1_2,1_2&#8243; _builder_version=\u00bb4.0.7&#8243;][et_pb_column type=\u00bb1_2&#8243; _builder_version=\u00bb4.0.7&#8243;][\/et_pb_column][et_pb_column type=\u00bb1_2&#8243; _builder_version=\u00bb4.0.7&#8243;][et_pb_text _builder_version=\u00bb4.0.7&#8243; header_font=\u00bb|700|||||||\u00bb header_text_align=\u00bbleft\u00bb header_text_color=\u00bb#273787&#8243; header_font_size=\u00bb37px\u00bb custom_margin=\u00bb||17px|||\u00bb custom_padding=\u00bb18px|||||\u00bb animation_style=\u00bbfade\u00bb]<\/p>\n<h1> Innovaci\u00f3n en Material Biol\u00f3gico Humano<\/h1>\n<p>[\/et_pb_text][et_pb_text _builder_version=\u00bb4.0.7&#8243; text_font=\u00bb|700|||||||\u00bb text_font_size=\u00bb19px\u00bb text_line_height=\u00bb1em\u00bb custom_margin=\u00bb||39px|||\u00bb]<\/p>\n<p>Dr. Diego Pineda Mart\u00ednez<\/p>\n<p>[\/et_pb_text][et_pb_text _builder_version=\u00bb4.0.7&#8243; text_font=\u00bb|600|||||||\u00bb text_font_size=\u00bb18px\u00bb header_font=\u00bb|600|||||||\u00bb header_font_size=\u00bb32px\u00bb custom_padding=\u00bb|||20px|false|false\u00bb animation_style=\u00bbslide\u00bb animation_direction=\u00bbleft\u00bb border_width_left=\u00bb3px\u00bb border_color_left=\u00bb#0f3651&#8243;]Programa de Donaci\u00f3n de Cuerpos:      \u00fanico en M\u00e9xico, forma parte de uno de los programas universitarios, el cual contribuye al desarrollo de la ciencia y  prepara a los futuros m\u00e9dicos.[\/et_pb_text][et_pb_text _builder_version=\u00bb4.0.7&#8243; text_font=\u00bb|600|||||||\u00bb text_font_size=\u00bb18px\u00bb header_font=\u00bb|600|||||||\u00bb header_font_size=\u00bb32px\u00bb custom_padding=\u00bb|||20px|false|false\u00bb animation_style=\u00bbslide\u00bb animation_direction=\u00bbleft\u00bb border_width_left=\u00bb3px\u00bb border_color_left=\u00bb#0f3651&#8243;]Mejora de las T\u00e9cnicas de Preservaci\u00f3n:        a partir de las nuevas t\u00e9cnicas, se pas\u00f3 de realizar 3 cursos, a m\u00e1s de 60 al a\u00f1o.[\/et_pb_text][et_pb_text _builder_version=\u00bb4.0.7&#8243; text_font=\u00bb|600|||||||\u00bb text_font_size=\u00bb18px\u00bb header_font=\u00bb|600|||||||\u00bb header_font_size=\u00bb32px\u00bb custom_padding=\u00bb|||20px|false|false\u00bb animation_style=\u00bbslide\u00bb animation_direction=\u00bbleft\u00bb border_width_left=\u00bb3px\u00bb border_color_left=\u00bb#0f3651&#8243;]Se llevo cabo cirug\u00edas de m\u00ednima invasi\u00f3n para mejoras las habilidades de residentes de todas las especialidades y fortalecer la educaci\u00f3n m\u00e9dica continua de nuestro pa\u00eds.[\/et_pb_text][et_pb_text _builder_version=\u00bb4.0.7&#8243; text_font=\u00bb|600|||||||\u00bb text_font_size=\u00bb18px\u00bb header_font=\u00bb|600|||||||\u00bb header_font_size=\u00bb32px\u00bb custom_padding=\u00bb|||20px|false|false\u00bb animation_style=\u00bbslide\u00bb animation_direction=\u00bbleft\u00bb border_width_left=\u00bb3px\u00bb border_color_left=\u00bb#0f3651&#8243;]Dos F\u00f3rmulas en Revisi\u00f3n para Patentes[\/et_pb_text][\/et_pb_column][\/et_pb_row][\/et_pb_section][et_pb_section fb_built=\u00bb1&#8243; _builder_version=\u00bb4.0.7&#8243; background_color=\u00bb#f4f4f4&#8243; background_image=\u00bbhttps:\/\/informe20162020.facmed.unam.mx\/wp-content\/uploads\/2019\/12\/informatica.jpg\u00bb custom_margin=\u00bb-26px|||||\u00bb hover_enabled=\u00bb0&#8243; parallax=\u00bbon\u00bb][et_pb_row column_structure=\u00bb3_5,2_5&#8243; _builder_version=\u00bb4.0.7&#8243;][et_pb_column type=\u00bb3_5&#8243; _builder_version=\u00bb4.0.7&#8243;][et_pb_text _builder_version=\u00bb4.0.7&#8243; header_font=\u00bb|700|||||||\u00bb header_text_color=\u00bb#7BC143&#8243; header_font_size=\u00bb36px\u00bb custom_margin=\u00bb||10px|||\u00bb custom_padding=\u00bb18px|||||\u00bb animation_style=\u00bbfade\u00bb]<\/p>\n<h1><span>Inform\u00e1tica Biom\u00e9dica<\/span><\/h1>\n<p>[\/et_pb_text][et_pb_text _builder_version=\u00bb4.0.7&#8243; text_font=\u00bb|700|||||||\u00bb text_font_size=\u00bb19px\u00bb text_line_height=\u00bb1em\u00bb custom_margin=\u00bb||39px|||\u00bb]Dra. E. Mahuina Campos Castolo[\/et_pb_text][et_pb_text _builder_version=\u00bb4.0.7&#8243; text_font=\u00bb|600|||||||\u00bb text_font_size=\u00bb18px\u00bb header_font=\u00bb|600|||||||\u00bb header_font_size=\u00bb32px\u00bb custom_padding=\u00bb|||20px|false|false\u00bb animation_style=\u00bbslide\u00bb animation_direction=\u00bbleft\u00bb border_width_left=\u00bb3px\u00bb border_color_left=\u00bb#7BC143&#8243;]Tres nuevos libros de Inform\u00e1tica Biom\u00e9dica[\/et_pb_text][et_pb_text _builder_version=\u00bb4.0.7&#8243; text_font=\u00bb|600|||||||\u00bb text_font_size=\u00bb18px\u00bb header_font=\u00bb|600|||||||\u00bb header_font_size=\u00bb32px\u00bb custom_padding=\u00bb|||20px|false|false\u00bb animation_style=\u00bbslide\u00bb animation_direction=\u00bbleft\u00bb border_width_left=\u00bb3px\u00bb border_color_left=\u00bb#7BC143&#8243;]Programa PC Puma Facmed &#8211; 219 profesores capacitados en competencias digitales docentes[\/et_pb_text][et_pb_text _builder_version=\u00bb4.0.7&#8243; text_font=\u00bb|600|||||||\u00bb text_font_size=\u00bb18px\u00bb header_font=\u00bb|600|||||||\u00bb header_font_size=\u00bb32px\u00bb custom_padding=\u00bb|||20px|false|false\u00bb animation_style=\u00bbslide\u00bb animation_direction=\u00bbleft\u00bb border_width_left=\u00bb3px\u00bb border_color_left=\u00bb#7BC143&#8243;]Dos algoritmos de inteligencia artificial para Diagn\u00f3stico Asistido por Inteligencia Artificial registrados ante INDAUTOR[\/et_pb_text][et_pb_text _builder_version=\u00bb4.0.7&#8243; text_font=\u00bb|600|||||||\u00bb text_font_size=\u00bb18px\u00bb header_font=\u00bb|600|||||||\u00bb header_font_size=\u00bb32px\u00bb custom_padding=\u00bb|||20px|false|false\u00bb animation_style=\u00bbslide\u00bb animation_direction=\u00bbleft\u00bb border_width_left=\u00bb3px\u00bb border_color_left=\u00bb#7BC143&#8243;]Creaci\u00f3n de Incubadora de negocios y Laboratorio de Innovaci\u00f3n y emprendimiento, con m\u00e1s de  150 egresados[\/et_pb_text][et_pb_text _builder_version=\u00bb4.0.7&#8243; text_font=\u00bb|600|||||||\u00bb text_font_size=\u00bb18px\u00bb header_font=\u00bb|600|||||||\u00bb header_font_size=\u00bb32px\u00bb custom_padding=\u00bb|||20px|false|false\u00bb animation_style=\u00bbslide\u00bb animation_direction=\u00bbleft\u00bb border_width_left=\u00bb3px\u00bb border_color_left=\u00bb#7BC143&#8243;]Incorporaci\u00f3n de pr\u00e1cticas de expediente clinico electr\u00f3nico, telemedicina, realidad aumentada, rob\u00f3tica y medicina traslacional[\/et_pb_text][\/et_pb_column][et_pb_column type=\u00bb2_5&#8243; _builder_version=\u00bb4.0.7&#8243;][\/et_pb_column][\/et_pb_row][\/et_pb_section][et_pb_section fb_built=\u00bb1&#8243; _builder_version=\u00bb4.0.7&#8243; background_enable_color=\u00bboff\u00bb parallax=\u00bbon\u00bb hover_enabled=\u00bb0&#8243; background_image=\u00bbhttps:\/\/informe20162020.facmed.unam.mx\/wp-content\/uploads\/2019\/12\/dicim.png\u00bb][et_pb_row column_structure=\u00bb1_2,1_2&#8243; _builder_version=\u00bb4.0.7&#8243;][et_pb_column type=\u00bb1_2&#8243; _builder_version=\u00bb4.0.7&#8243;][\/et_pb_column][et_pb_column type=\u00bb1_2&#8243; _builder_version=\u00bb4.0.7&#8243;][et_pb_text _builder_version=\u00bb4.0.7&#8243; header_font=\u00bb|700|||||||\u00bb header_text_align=\u00bbleft\u00bb header_text_color=\u00bb#2ed0d3&#8243; header_font_size=\u00bb37px\u00bb custom_margin=\u00bb||17px|||\u00bb custom_padding=\u00bb18px|||||\u00bb animation_style=\u00bbfade\u00bb]<\/p>\n<h1> Integraci\u00f3n de Ciencias M\u00e9dicas<\/h1>\n<p>[\/et_pb_text][et_pb_text _builder_version=\u00bb4.0.7&#8243; text_font=\u00bb|700|||||||\u00bb text_font_size=\u00bb19px\u00bb text_line_height=\u00bb1em\u00bb custom_margin=\u00bb||39px|||\u00bb]Mtra. Laura Hern\u00e1ndez Guti\u00e9rrez[\/et_pb_text][et_pb_text _builder_version=\u00bb4.0.7&#8243; text_font=\u00bb|600|||||||\u00bb text_font_size=\u00bb18px\u00bb header_font=\u00bb|600|||||||\u00bb header_font_size=\u00bb32px\u00bb custom_padding=\u00bb|||20px|false|false\u00bb animation_style=\u00bbslide\u00bb animation_direction=\u00bbleft\u00bb border_width_left=\u00bb3px\u00bb border_color_left=\u00bb#3bd1d3&#8243;]Extensi\u00f3n del Centro AHA CECAM-CESIM [\/et_pb_text][et_pb_text _builder_version=\u00bb4.0.7&#8243; text_font=\u00bb|600|||||||\u00bb text_font_size=\u00bb18px\u00bb header_font=\u00bb|600|||||||\u00bb header_font_size=\u00bb32px\u00bb custom_padding=\u00bb|||20px|false|false\u00bb animation_style=\u00bbslide\u00bb animation_direction=\u00bbleft\u00bb border_width_left=\u00bb3px\u00bb border_color_left=\u00bb#3bd1d3&#8243;]Incremento de practicas con simulaci\u00f3n en un 200%[\/et_pb_text][et_pb_text _builder_version=\u00bb4.0.7&#8243; text_font=\u00bb|600|||||||\u00bb text_font_size=\u00bb18px\u00bb header_font=\u00bb|600|||||||\u00bb header_font_size=\u00bb32px\u00bb custom_padding=\u00bb|||20px|false|false\u00bb animation_style=\u00bbslide\u00bb animation_direction=\u00bbleft\u00bb border_width_left=\u00bb3px\u00bb border_color_left=\u00bb#3bd1d3&#8243;]Se integra examen ECOE en CECCOMS para asignaturas[\/et_pb_text][et_pb_text _builder_version=\u00bb4.0.7&#8243; text_font=\u00bb|600|||||||\u00bb text_font_size=\u00bb18px\u00bb header_font=\u00bb|600|||||||\u00bb header_font_size=\u00bb32px\u00bb custom_padding=\u00bb|||20px|false|false\u00bb animation_style=\u00bbslide\u00bb animation_direction=\u00bbleft\u00bb border_width_left=\u00bb3px\u00bb border_color_left=\u00bb#3bd1d3&#8243;]Curso de RCP con car\u00e1cter social para favorecer una poblaci\u00f3n cardioprotegida[\/et_pb_text][\/et_pb_column][\/et_pb_row][\/et_pb_section][et_pb_section fb_built=\u00bb1&#8243; _builder_version=\u00bb4.0.7&#8243; background_color=\u00bb#f4f4f4&#8243; parallax=\u00bbon\u00bb custom_margin=\u00bb-26px|||||\u00bb custom_padding=\u00bb49px||34px|||\u00bb hover_enabled=\u00bb0&#8243; background_image=\u00bbhttps:\/\/informe20162020.facmed.unam.mx\/wp-content\/uploads\/2019\/12\/micro.png\u00bb][et_pb_row column_structure=\u00bb3_5,2_5&#8243; _builder_version=\u00bb4.0.7&#8243;][et_pb_column type=\u00bb3_5&#8243; _builder_version=\u00bb4.0.7&#8243;][et_pb_text _builder_version=\u00bb4.0.7&#8243; header_font=\u00bb|700|||||||\u00bb header_text_color=\u00bb#007D70&#8243; header_font_size=\u00bb36px\u00bb custom_margin=\u00bb||10px|||\u00bb custom_padding=\u00bb18px|||||\u00bb animation_style=\u00bbfade\u00bb]<\/p>\n<h1> Microbiolog\u00eda y Parasitolog\u00eda<\/h1>\n<p>[\/et_pb_text][et_pb_text _builder_version=\u00bb4.0.7&#8243; text_font=\u00bb|700|||||||\u00bb text_font_size=\u00bb19px\u00bb text_line_height=\u00bb1em\u00bb custom_margin=\u00bb||39px|||\u00bb]Dra. Paz Mar\u00eda Silvia Salazar Schettino[\/et_pb_text][et_pb_text _builder_version=\u00bb4.0.7&#8243; text_font=\u00bb|600|||||||\u00bb text_font_size=\u00bb18px\u00bb header_font=\u00bb|600|||||||\u00bb header_font_size=\u00bb32px\u00bb custom_padding=\u00bb|||20px|false|false\u00bb animation_style=\u00bbslide\u00bb animation_direction=\u00bbleft\u00bb border_width_left=\u00bb3px\u00bb border_color_left=\u00bb#007D70&#8243;]La adquisici\u00f3n de 80 microscopios y 4 ca\u00f1ones para los 4 laboratorios de ense\u00f1anza.[\/et_pb_text][et_pb_text _builder_version=\u00bb4.0.7&#8243; text_font=\u00bb|600|||||||\u00bb text_font_size=\u00bb18px\u00bb header_font=\u00bb|600|||||||\u00bb header_font_size=\u00bb32px\u00bb custom_padding=\u00bb|||20px|false|false\u00bb animation_style=\u00bbslide\u00bb animation_direction=\u00bbleft\u00bb border_width_left=\u00bb3px\u00bb border_color_left=\u00bb#007D70&#8243;]250 publicaciones en revistas internacionales, 80 cap\u00edtulos de libro y 5 libros. Proyectos CONACyT: 9, PAPIIT y PAPIME: 40, Instituciones Privadas: 2..[\/et_pb_text][et_pb_text _builder_version=\u00bb4.0.7&#8243; text_font=\u00bb|600|||||||\u00bb text_font_size=\u00bb18px\u00bb header_font=\u00bb|600|||||||\u00bb header_font_size=\u00bb32px\u00bb custom_padding=\u00bb|||20px|false|false\u00bb animation_style=\u00bbslide\u00bb animation_direction=\u00bbleft\u00bb border_width_left=\u00bb3px\u00bb border_color_left=\u00bb#007D70&#8243;]Adquisici\u00f3n de equipo para uso com\u00fan: ultracongelador, autoclave vertical, tanque de 60 litros para almacenar agua y regulador para ultracongelador.[\/et_pb_text][et_pb_text _builder_version=\u00bb4.0.7&#8243; text_font=\u00bb|600|||||||\u00bb text_font_size=\u00bb18px\u00bb header_font=\u00bb|600|||||||\u00bb header_font_size=\u00bb32px\u00bb custom_padding=\u00bb|||20px|false|false\u00bb animation_style=\u00bbslide\u00bb animation_direction=\u00bbleft\u00bb border_width_left=\u00bb3px\u00bb border_color_left=\u00bb#007D70&#8243;]Remodelaci\u00f3n  restauraci\u00f3n de espacios.[\/et_pb_text][\/et_pb_column][et_pb_column type=\u00bb2_5&#8243; _builder_version=\u00bb4.0.7&#8243;][\/et_pb_column][\/et_pb_row][\/et_pb_section][et_pb_section fb_built=\u00bb1&#8243; _builder_version=\u00bb4.0.7&#8243; background_enable_color=\u00bboff\u00bb parallax=\u00bbon\u00bb hover_enabled=\u00bb0&#8243; background_image=\u00bbhttps:\/\/informe20162020.facmed.unam.mx\/wp-content\/uploads\/2019\/12\/psiquiatria-1.png\u00bb][et_pb_row column_structure=\u00bb1_2,1_2&#8243; _builder_version=\u00bb4.0.7&#8243;][et_pb_column type=\u00bb1_2&#8243; _builder_version=\u00bb4.0.7&#8243;][\/et_pb_column][et_pb_column type=\u00bb1_2&#8243; _builder_version=\u00bb4.0.7&#8243;][et_pb_text _builder_version=\u00bb4.0.7&#8243; header_font=\u00bb|700|||||||\u00bb header_text_align=\u00bbleft\u00bb header_text_color=\u00bb#FFCE07&#8243; header_font_size=\u00bb37px\u00bb custom_margin=\u00bb||17px|||\u00bb custom_padding=\u00bb18px|||||\u00bb animation_style=\u00bbfade\u00bb]<\/p>\n<h1> Psiquiatr\u00eda y Salud Mental <\/h1>\n<p>[\/et_pb_text][et_pb_text _builder_version=\u00bb4.0.7&#8243; text_font=\u00bb|700|||||||\u00bb text_font_size=\u00bb19px\u00bb text_line_height=\u00bb1em\u00bb custom_margin=\u00bb||39px|||\u00bb]Dra. Mar\u00eda Elena Medina Mora[\/et_pb_text][et_pb_text _builder_version=\u00bb4.0.7&#8243; text_font=\u00bb|600|||||||\u00bb text_font_size=\u00bb18px\u00bb header_font=\u00bb|600|||||||\u00bb header_font_size=\u00bb32px\u00bb custom_padding=\u00bb|||20px|false|false\u00bb animation_style=\u00bbslide\u00bb animation_direction=\u00bbleft\u00bb border_width_left=\u00bb3px\u00bb border_color_left=\u00bb#FFCE07&#8243;]Creaci\u00f3n de la Cl\u00ednica de Atenci\u00f3n Integral para las Adicciones (CLIA)[\/et_pb_text][et_pb_text _builder_version=\u00bb4.0.7&#8243; text_font=\u00bb|600|||||||\u00bb text_font_size=\u00bb18px\u00bb header_font=\u00bb|600|||||||\u00bb header_font_size=\u00bb32px\u00bb custom_padding=\u00bb|||20px|false|false\u00bb animation_style=\u00bbslide\u00bb animation_direction=\u00bbleft\u00bb border_width_left=\u00bb3px\u00bb border_color_left=\u00bb#FFCE07&#8243;]Primer Seminario de Psiquiatr\u00eda UNAM-AMSA-OMI. DPSM[\/et_pb_text][et_pb_text _builder_version=\u00bb4.0.7&#8243; text_font=\u00bb|600|||||||\u00bb text_font_size=\u00bb18px\u00bb header_font=\u00bb|600|||||||\u00bb header_font_size=\u00bb32px\u00bb custom_padding=\u00bb|||20px|false|false\u00bb animation_style=\u00bbslide\u00bb animation_direction=\u00bbleft\u00bb border_width_left=\u00bb3px\u00bb border_color_left=\u00bb#FFCE07&#8243;]Conferencia Internacional PhD Pablo Gagliesi Terapia Dial\u00e9ctica Conductual[\/et_pb_text][et_pb_text _builder_version=\u00bb4.0.7&#8243; text_font=\u00bb|600|||||||\u00bb text_font_size=\u00bb18px\u00bb header_font=\u00bb|600|||||||\u00bb header_font_size=\u00bb32px\u00bb custom_padding=\u00bb|||20px|false|false\u00bb animation_style=\u00bbslide\u00bb animation_direction=\u00bbleft\u00bb border_width_left=\u00bb3px\u00bb border_color_left=\u00bb#FFCE07&#8243;]Reuni\u00f3n Internacional: Implementaci\u00f3n en la formaci\u00f3n m\u00e9dica en Salud Mental de M\u00e9dicos no Especialistas para superar las brechas en Salud Mental en M\u00e9xico[\/et_pb_text][et_pb_text _builder_version=\u00bb4.0.7&#8243; text_font=\u00bb|600|||||||\u00bb text_font_size=\u00bb18px\u00bb header_font=\u00bb|600|||||||\u00bb header_font_size=\u00bb32px\u00bb custom_padding=\u00bb|||20px|false|false\u00bb animation_style=\u00bbslide\u00bb animation_direction=\u00bbleft\u00bb border_width_left=\u00bb3px\u00bb border_color_left=\u00bb#FFCE07&#8243;]Jornadas de atenci\u00f3n a la emergencia del terremoto del 19 de septiembre de 2017. Atenci\u00f3n a la poblaci\u00f3n en el DPSM[\/et_pb_text][\/et_pb_column][\/et_pb_row][\/et_pb_section][et_pb_section fb_built=\u00bb1&#8243; _builder_version=\u00bb4.0.7&#8243; background_color=\u00bb#f4f4f4&#8243; parallax=\u00bbon\u00bb custom_margin=\u00bb-26px|||||\u00bb custom_padding=\u00bb49px||34px|||\u00bb hover_enabled=\u00bb0&#8243; background_image=\u00bbhttps:\/\/informe20162020.facmed.unam.mx\/wp-content\/uploads\/2019\/12\/syringe-1884758_1920.png\u00bb][et_pb_row column_structure=\u00bb3_5,2_5&#8243; _builder_version=\u00bb4.0.7&#8243;][et_pb_column type=\u00bb3_5&#8243; _builder_version=\u00bb4.0.7&#8243;][et_pb_text _builder_version=\u00bb4.0.7&#8243; header_font=\u00bb|700|||||||\u00bb header_text_color=\u00bb#122A4E\u00bb header_font_size=\u00bb36px\u00bb custom_margin=\u00bb||10px|||\u00bb custom_padding=\u00bb18px|||||\u00bb animation_style=\u00bbfade\u00bb]<\/p>\n<h1>Salud P\u00fablica<\/h1>\n<p>[\/et_pb_text][et_pb_text _builder_version=\u00bb4.0.7&#8243; text_font=\u00bb|700|||||||\u00bb text_font_size=\u00bb19px\u00bb text_line_height=\u00bb1em\u00bb custom_margin=\u00bb||39px|||\u00bb]Dra. Guadalupe S. Garc\u00eda de la Torre[\/et_pb_text][et_pb_text _builder_version=\u00bb4.0.7&#8243; text_font=\u00bb|600|||||||\u00bb text_font_size=\u00bb18px\u00bb header_font=\u00bb|600|||||||\u00bb header_font_size=\u00bb32px\u00bb custom_padding=\u00bb|||20px|false|false\u00bb animation_style=\u00bbslide\u00bb animation_direction=\u00bbleft\u00bb border_width_left=\u00bb3px\u00bb border_color_left=\u00bb#122A4E\u00bb]Revisi\u00f3n y adecuaci\u00f3n colegiada de los programas de las 4 asignaturas a cargo del Departamento de Salud P\u00fablica[\/et_pb_text][et_pb_text _builder_version=\u00bb4.0.7&#8243; text_font=\u00bb|600|||||||\u00bb text_font_size=\u00bb18px\u00bb header_font=\u00bb|600|||||||\u00bb header_font_size=\u00bb32px\u00bb custom_padding=\u00bb|||20px|false|false\u00bb animation_style=\u00bbslide\u00bb animation_direction=\u00bbleft\u00bb border_width_left=\u00bb3px\u00bb border_color_left=\u00bb#122A4E\u00bb]Actualizaci\u00f3n para profesores[\/et_pb_text][et_pb_text _builder_version=\u00bb4.0.7&#8243; text_font=\u00bb|600|||||||\u00bb text_font_size=\u00bb18px\u00bb header_font=\u00bb|600|||||||\u00bb header_font_size=\u00bb32px\u00bb custom_padding=\u00bb|||20px|false|false\u00bb animation_style=\u00bbslide\u00bb animation_direction=\u00bbleft\u00bb border_width_left=\u00bb3px\u00bb border_color_left=\u00bb#122A4E\u00bb]Realizaci\u00f3n mensual de cinco seminarios permanentes, dos diplomados (Epidemiolog\u00eda y en Ciencias de la Salud), as\u00ed como Simposio sobre diferentes temas de Salud P\u00fablica[\/et_pb_text][et_pb_text _builder_version=\u00bb4.0.7&#8243; text_font=\u00bb|600|||||||\u00bb text_font_size=\u00bb18px\u00bb header_font=\u00bb|600|||||||\u00bb header_font_size=\u00bb32px\u00bb custom_padding=\u00bb|||20px|false|false\u00bb animation_style=\u00bbslide\u00bb animation_direction=\u00bbleft\u00bb border_width_left=\u00bb3px\u00bb border_color_left=\u00bb#122A4E\u00bb]Vinculaci\u00f3n colaborativa con otros departamentos, asociaciones estudiantiles, instancias gubernamentales, asociaciones civiles, universidades internacionales, y grupos de trabajo (Task Force)[\/et_pb_text][\/et_pb_column][et_pb_column type=\u00bb2_5&#8243; _builder_version=\u00bb4.0.7&#8243;][\/et_pb_column][\/et_pb_row][\/et_pb_section]<\/p>\n","protected":false},"excerpt":{"rendered":"<p>Anatom\u00edaDr. en C. Alberto M. \u00c1ngeles CastellanosSe realizo la actualizaci\u00f3n de los contenidos tem\u00e1ticos del programa de anatom\u00eda en el 2016, de donde surge el perfil de referencia y la lista de estructuras anat\u00f3micas como m\u00ednimas a identificar que actualmente se utiliza en la materia de Anatom\u00edaSe han realizado la disecci\u00f3n completa 13 cad\u00e1veres que [&hellip;]<\/p>\n","protected":false},"author":1,"featured_media":0,"parent":0,"menu_order":0,"comment_status":"closed","ping_status":"closed","template":"","meta":{"_et_pb_use_builder":"on","_et_pb_old_content":"","_et_gb_content_width":"","jetpack_post_was_ever_published":false,"footnotes":""},"jetpack_likes_enabled":true,"jetpack_sharing_enabled":true,"jetpack_shortlink":"https:\/\/wp.me\/PbbwnN-3jW","_links":{"self":[{"href":"https:\/\/informe20162020.facmed.unam.mx\/index.php\/wp-json\/wp\/v2\/pages\/12768"}],"collection":[{"href":"https:\/\/informe20162020.facmed.unam.mx\/index.php\/wp-json\/wp\/v2\/pages"}],"about":[{"href":"https:\/\/informe20162020.facmed.unam.mx\/index.php\/wp-json\/wp\/v2\/types\/page"}],"author":[{"embeddable":true,"href":"https:\/\/informe20162020.facmed.unam.mx\/index.php\/wp-json\/wp\/v2\/users\/1"}],"replies":[{"embeddable":true,"href":"https:\/\/informe20162020.facmed.unam.mx\/index.php\/wp-json\/wp\/v2\/comments?post=12768"}],"version-history":[{"count":107,"href":"https:\/\/informe20162020.facmed.unam.mx\/index.php\/wp-json\/wp\/v2\/pages\/12768\/revisions"}],"predecessor-version":[{"id":13252,"href":"https:\/\/informe20162020.facmed.unam.mx\/index.php\/wp-json\/wp\/v2\/pages\/12768\/revisions\/13252"}],"wp:attachment":[{"href":"https:\/\/informe20162020.facmed.unam.mx\/index.php\/wp-json\/wp\/v2\/media?parent=12768"}],"curies":[{"name":"wp","href":"https:\/\/api.w.org\/{rel}","templated":true}]}}